{"id":71,"date":"2025-09-16T15:11:06","date_gmt":"2025-09-16T13:11:06","guid":{"rendered":"https:\/\/tramontane.biz\/?page_id=71"},"modified":"2025-09-17T17:26:25","modified_gmt":"2025-09-17T15:26:25","slug":"mon-parcours","status":"publish","type":"page","link":"https:\/\/tramontane.biz\/index.php\/mon-parcours\/","title":{"rendered":"Mon parcours"},"content":{"rendered":"\n<div class=\"wp-block-group alignwide has-global-padding is-layout-constrained wp-container-core-group-is-layout-46fafb13 wp-block-group-is-layout-constrained\" style=\"padding-top:var(--wp--preset--spacing--50);padding-right:var(--wp--preset--spacing--50);padding-bottom:var(--wp--preset--spacing--50);padding-left:var(--wp--preset--spacing--50)\">\n<div class=\"wp-block-group has-global-padding is-layout-constrained wp-container-core-group-is-layout-650790e1 wp-block-group-is-layout-constrained\">\n<p class=\"has-text-align-left has-medium-font-size\" style=\"margin-right:0;margin-left:0\">Ing\u00e9nieur ECAM Lyon de formation, j&rsquo;ai eu l&rsquo;opportunit\u00e9 de faire l&rsquo;ensemble de ma carri\u00e8re au sein d&rsquo;\u00e9diteurs de logiciels de tous types, me permettant d&rsquo;avoir une vision exhaustive de ce secteur, ses pratiques et ses contraintes.<\/p>\n\n\n\n<p>Vous trouverez ci-dessous un extrait de mon parcours avec quelques une de mes exp\u00e9riences et de mes r\u00e9alisations.<\/p>\n\n\n\n<p>Mon parcours plus en d\u00e9tail sur : <a href=\"https:\/\/www.linkedin.com\/in\/vincentgodard\/\">https:\/\/www.linkedin.com\/in\/vincentgodard\/<\/a><\/p>\n<\/div>\n<\/div>\n\n\n\n<div class=\"wp-block-group is-nowrap is-layout-flex wp-container-core-group-is-layout-6c531013 wp-block-group-is-layout-flex\">\n<figure class=\"wp-block-image size-full is-resized\"><img loading=\"lazy\" decoding=\"async\" width=\"590\" height=\"539\" src=\"https:\/\/tramontane.biz\/wp-content\/uploads\/2025\/09\/Systran_logo.png\" alt=\"Pr\u00e9sident &amp; CEO\" class=\"wp-image-72\" style=\"width:149px;height:auto\" srcset=\"https:\/\/tramontane.biz\/wp-content\/uploads\/2025\/09\/Systran_logo.png 590w, https:\/\/tramontane.biz\/wp-content\/uploads\/2025\/09\/Systran_logo-300x274.png 300w\" sizes=\"auto, (max-width: 590px) 100vw, 590px\" \/><\/figure>\n\n\n\n<blockquote class=\"wp-block-quote is-layout-flow wp-block-quote-is-layout-flow\">\n<p>Pr\u00e9sident &amp; CEO<\/p>\n\n\n\n<p class=\"has-medium-font-size\">2022 &#8211; 2024<\/p>\n\n\n\n<p class=\"has-medium-font-size\">Principales r\u00e9alisations :<\/p>\n\n\n\n<ul class=\"wp-block-list\">\n<li class=\"has-medium-font-size\">Vente de l&rsquo;entreprise \u00e0 ChapsVision<\/li>\n\n\n\n<li class=\"has-medium-font-size\">Croissance +20% pendant 2 ans<\/li>\n<\/ul>\n<\/blockquote>\n<\/div>\n\n\n\n<div class=\"wp-block-group is-nowrap is-layout-flex wp-container-core-group-is-layout-6c531013 wp-block-group-is-layout-flex\">\n<figure class=\"wp-block-image size-full is-resized\"><img loading=\"lazy\" decoding=\"async\" width=\"464\" height=\"389\" src=\"https:\/\/tramontane.biz\/wp-content\/uploads\/2025\/09\/Woonoz_Logo.jpg\" alt=\"\" class=\"wp-image-75\" style=\"width:151px;height:auto\" srcset=\"https:\/\/tramontane.biz\/wp-content\/uploads\/2025\/09\/Woonoz_Logo.jpg 464w, https:\/\/tramontane.biz\/wp-content\/uploads\/2025\/09\/Woonoz_Logo-300x252.jpg 300w\" sizes=\"auto, (max-width: 464px) 100vw, 464px\" \/><\/figure>\n\n\n\n<blockquote class=\"wp-block-quote is-layout-flow wp-block-quote-is-layout-flow\">\n<p>Directeur des Op\u00e9rations<\/p>\n\n\n\n<p class=\"has-medium-font-size\">2017 &#8211; 2020<\/p>\n\n\n\n<ul class=\"wp-block-list\">\n<li class=\"has-medium-font-size\">Croissance de 100% en 3 ans<\/li>\n\n\n\n<li class=\"has-medium-font-size\">Mise en place de SalesForce<\/li>\n<\/ul>\n<\/blockquote>\n<\/div>\n\n\n\n<div class=\"wp-block-group is-nowrap is-layout-flex wp-container-core-group-is-layout-6c531013 wp-block-group-is-layout-flex\">\n<div class=\"wp-block-group has-global-padding is-layout-constrained wp-block-group-is-layout-constrained\">\n<figure class=\"wp-block-image size-large is-resized\"><img loading=\"lazy\" decoding=\"async\" width=\"1024\" height=\"318\" src=\"https:\/\/tramontane.biz\/wp-content\/uploads\/2025\/09\/Itesoft_logo-1024x318.jpg\" alt=\"\" class=\"wp-image-78\" style=\"width:153px;height:auto\" srcset=\"https:\/\/tramontane.biz\/wp-content\/uploads\/2025\/09\/Itesoft_logo-1024x318.jpg 1024w, https:\/\/tramontane.biz\/wp-content\/uploads\/2025\/09\/Itesoft_logo-300x93.jpg 300w, https:\/\/tramontane.biz\/wp-content\/uploads\/2025\/09\/Itesoft_logo-768x238.jpg 768w, https:\/\/tramontane.biz\/wp-content\/uploads\/2025\/09\/Itesoft_logo-1536x477.jpg 1536w, https:\/\/tramontane.biz\/wp-content\/uploads\/2025\/09\/Itesoft_logo-2048x636.jpg 2048w\" sizes=\"auto, (max-width: 1024px) 100vw, 1024px\" \/><\/figure>\n<\/div>\n\n\n\n<blockquote class=\"wp-block-quote is-layout-flow wp-block-quote-is-layout-flow\">\n<p>General Manager &#8211; France<\/p>\n\n\n\n<p class=\"has-medium-font-size\">2015 &#8211; 2017<\/p>\n\n\n\n<ul class=\"wp-block-list\">\n<li class=\"has-medium-font-size\">Evolution vers le SaaS<\/li>\n\n\n\n<li class=\"has-medium-font-size\">Acquisition de W4 et int\u00e9gration<\/li>\n\n\n\n<li class=\"has-medium-font-size\">Refonte des processus<\/li>\n<\/ul>\n<\/blockquote>\n<\/div>\n\n\n\n<div class=\"wp-block-group is-nowrap is-layout-flex wp-container-core-group-is-layout-6c531013 wp-block-group-is-layout-flex\">\n<figure class=\"wp-block-image size-full is-resized\"><img loading=\"lazy\" decoding=\"async\" width=\"100\" height=\"100\" src=\"https:\/\/tramontane.biz\/wp-content\/uploads\/2025\/09\/Sage_logo.jpg\" alt=\"\" class=\"wp-image-79\" style=\"width:155px;height:auto\"\/><\/figure>\n\n\n\n<blockquote class=\"wp-block-quote is-layout-flow wp-block-quote-is-layout-flow\">\n<p>Country Operations Manager<\/p>\n\n\n\n<p class=\"has-medium-font-size\">2013 &#8211; 2015<\/p>\n\n\n\n<ul class=\"wp-block-list\">\n<li class=\"has-medium-font-size\">Transformation organisation commerciale<\/li>\n<\/ul>\n<\/blockquote>\n<\/div>\n\n\n\n<p><\/p>\n","protected":false},"excerpt":{"rendered":"<p>Ing\u00e9nieur ECAM Lyon de formation, j&rsquo;ai eu l&rsquo;opportunit\u00e9 de faire l&rsquo;ensemble de ma carri\u00e8re au sein d&rsquo;\u00e9diteurs de logiciels de tous types, me permettant d&rsquo;avoir une vision exhaustive de ce secteur, ses pratiques et ses contraintes. Vous trouverez ci-dessous un extrait de mon parcours avec quelques une de mes exp\u00e9riences et de mes r\u00e9alisations. Mon [&hellip;]<\/p>\n","protected":false},"author":1,"featured_media":0,"parent":0,"menu_order":0,"comment_status":"closed","ping_status":"closed","template":"","meta":{"footnotes":""},"class_list":["post-71","page","type-page","status-publish","hentry"],"_links":{"self":[{"href":"https:\/\/tramontane.biz\/index.php\/wp-json\/wp\/v2\/pages\/71","targetHints":{"allow":["GET"]}}],"collection":[{"href":"https:\/\/tramontane.biz\/index.php\/wp-json\/wp\/v2\/pages"}],"about":[{"href":"https:\/\/tramontane.biz\/index.php\/wp-json\/wp\/v2\/types\/page"}],"author":[{"embeddable":true,"href":"https:\/\/tramontane.biz\/index.php\/wp-json\/wp\/v2\/users\/1"}],"replies":[{"embeddable":true,"href":"https:\/\/tramontane.biz\/index.php\/wp-json\/wp\/v2\/comments?post=71"}],"version-history":[{"count":3,"href":"https:\/\/tramontane.biz\/index.php\/wp-json\/wp\/v2\/pages\/71\/revisions"}],"predecessor-version":[{"id":80,"href":"https:\/\/tramontane.biz\/index.php\/wp-json\/wp\/v2\/pages\/71\/revisions\/80"}],"wp:attachment":[{"href":"https:\/\/tramontane.biz\/index.php\/wp-json\/wp\/v2\/media?parent=71"}],"curies":[{"name":"wp","href":"https:\/\/api.w.org\/{rel}","templated":true}]}}